{"id":4228,"date":"2025-01-10T11:14:14","date_gmt":"2025-01-10T10:14:14","guid":{"rendered":"https:\/\/vonschutz.com\/koldra-caloroczna-tencel-dreamy\/"},"modified":"2026-03-04T17:35:15","modified_gmt":"2026-03-04T16:35:15","slug":"koldra-caloroczna-tencel-dreamy","status":"publish","type":"product","link":"https:\/\/vonschuetz.com\/pl\/koldra-caloroczna-tencel-dreamy\/","title":{"rendered":"Ko\u0142dra ca\u0142oroczna Tencel Dreamy"},"content":{"rendered":"<p><strong>Innowacyjna ko\u0142dra 4 pory roku Tencel Dreamy: Adaptacja i piel\u0119gnacja sk\u00f3ry<\/strong><\/p>\n<p>Ko\u0142dra ca\u0142oroczna Tencel Dreamy od VON SCH\u00dcTZ to idealne po\u0142\u0105czenie komfortu i zaawansowanej technologii tekstylnej, kt\u00f3re sprawdza si\u0119 przez ca\u0142y rok. Poszycie wykonane z 50% Tencel\u2122 i 50% bawe\u0142ny, wzbogacone o formu\u0142\u0119 Vital Finish, zapewnia g\u0142adk\u0105, wytrzyma\u0142\u0105 i przyjazn\u0105 dla sk\u00f3ry powierzchni\u0119. Dodatkowo tkanina wzbogacona o witamin\u0119 E, aloes i jojob\u0119 dzia\u0142a od\u017cywczo na sk\u00f3r\u0119, spowalnia jej starzenie i nadaje jej zdrowy wygl\u0105d.  <\/p>\n<p><strong>OEKO-TEX\u00ae Standard 100<\/strong><br \/>\nTkanina posiada certyfikat OEKO-TEX\u00ae Standard 100, co oznacza, \u017ce zosta\u0142a przebadana pod k\u0105tem substancji szkodliwych i spe\u0142nia mi\u0119dzynarodowe wymagania bezpiecze\u0144stwa dla wyrob\u00f3w tekstylnych. <\/p>\n<p><strong>Gramatura wype\u0142nienia ko\u0142der ca\u0142orocznych Tencel:<\/strong><\/p>\n<ul>\n<li>135x200 cm - 1100 g<\/li>\n<li>140x200 cm - 1100 g<\/li>\n<li>140x220 cm - 1230 g<\/li>\n<li>150x200 cm - 1200 g<\/li>\n<li>150x210 cm - 1260 g<\/li>\n<li>155x200 cm - 1250 g<\/li>\n<li>155x220 cm - 1370 g<\/li>\n<li>160x200 cm - 1280 g<\/li>\n<li>160x210 cm - 1350 g<\/li>\n<li>180x200 cm - 1440 g<\/li>\n<li>200x200 cm - 1600 g<\/li>\n<li>220x200 cm - 1760 g<\/li>\n<li>240x220 cm - 2120 g<\/li>\n<li>260x220 cm - 2290 g<\/li>\n<li>260x240 cm - 2500 g<\/li>\n<li>280x240 cm - 2690 g<\/li>\n<\/ul>\n","protected":false},"excerpt":{"rendered":"<ul>\n<li>Luksusowe poszycie z batystu: Tencel\u2122 Lyocell &amp; bawe\u0142na \u2013 delikatne otulenie<\/li>\n<li>Ekologiczne i hipoalergiczne wype\u0142nienie: 100% Tencel\u2122 Lyocell<\/li>\n<li>\u0141atwa piel\u0119gnacja: mo\u017cliwo\u015b\u0107 prania w 60\u00b0C<\/li>\n<li>Ca\u0142oroczny komfort: doskona\u0142e dopasowanie do ka\u017cdej pory roku<\/li>\n<li>R\u00f3\u017cne rozmiary: od 135\u00d7200 cm do 280\u00d7240 cm dla maksymalnej wygody<\/li>\n<\/ul>\n","protected":false},"featured_media":2314,"template":"","meta":{"_acf_changed":false},"product_brand":[],"product_cat":[666,85],"product_tag":[],"class_list":{"0":"post-4228","1":"product","2":"type-product","3":"status-publish","4":"has-post-thumbnail","6":"product_cat-koldry-caloroczne","7":"product_cat-koldry","9":"first","10":"onbackorder","11":"taxable","12":"shipping-taxable","13":"purchasable","14":"product-type-variable","15":"has-default-attributes"},"acf":[],"_links":{"self":[{"href":"https:\/\/vonschuetz.com\/pl\/wp-json\/wp\/v2\/product\/4228","targetHints":{"allow":["GET"]}}],"collection":[{"href":"https:\/\/vonschuetz.com\/pl\/wp-json\/wp\/v2\/product"}],"about":[{"href":"https:\/\/vonschuetz.com\/pl\/wp-json\/wp\/v2\/types\/product"}],"wp:featuredmedia":[{"embeddable":true,"href":"https:\/\/vonschuetz.com\/pl\/wp-json\/wp\/v2\/media\/2314"}],"wp:attachment":[{"href":"https:\/\/vonschuetz.com\/pl\/wp-json\/wp\/v2\/media?parent=4228"}],"wp:term":[{"taxonomy":"product_brand","embeddable":true,"href":"https:\/\/vonschuetz.com\/pl\/wp-json\/wp\/v2\/product_brand?post=4228"},{"taxonomy":"product_cat","embeddable":true,"href":"https:\/\/vonschuetz.com\/pl\/wp-json\/wp\/v2\/product_cat?post=4228"},{"taxonomy":"product_tag","embeddable":true,"href":"https:\/\/vonschuetz.com\/pl\/wp-json\/wp\/v2\/product_tag?post=4228"}],"curies":[{"name":"wp","href":"https:\/\/api.w.org\/{rel}","templated":true}]}}